{"id":352,"date":"2025-09-29T20:13:14","date_gmt":"2025-09-29T18:13:14","guid":{"rendered":"https:\/\/abensac.es\/?page_id=352"},"modified":"2026-03-27T10:56:48","modified_gmt":"2026-03-27T09:56:48","slug":"catering-para-eventos","status":"publish","type":"page","link":"https:\/\/abensac.es\/en\/catering-para-eventos\/","title":{"rendered":"Catering for Events"},"content":{"rendered":"<div data-elementor-type=\"wp-page\" data-elementor-id=\"352\" class=\"elementor elementor-352\" data-elementor-post-type=\"page\">\n\t\t\t\t\t\t<section class=\"elementor-section elementor-top-section elementor-element elementor-element-4c52ce89 elementor-section-full_width elementor-section-height-default elementor-section-height-default\" data-id=\"4c52ce89\" data-element_type=\"section\" data-settings=\"{&quot;background_background&quot;:&quot;classic&quot;}\">\n\t\t\t\t\t\t<div class=\"elementor-container elementor-column-gap-default\">\n\t\t\t\t\t<div class=\"elementor-column elementor-col-50 elementor-top-column elementor-element elementor-element-2b3101eb\" data-id=\"2b3101eb\" data-element_type=\"column\" data-settings=\"{&quot;background_background&quot;:&quot;classic&quot;}\">\n\t\t\t<div class=\"elementor-widget-wrap elementor-element-populated\">\n\t\t\t\t\t\t<div class=\"elementor-element elementor-element-f36832b elementor-widget elementor-widget-heading\" data-id=\"f36832b\" data-element_type=\"widget\" data-widget_type=\"heading.default\">\n\t\t\t\t\t<h1 class=\"elementor-heading-title elementor-size-default\">EVENT CATERING<\/h1>\t\t\t\t<\/div>\n\t\t\t\t<div class=\"elementor-element elementor-element-581bf2a0 elementor-widget elementor-widget-heading\" data-id=\"581bf2a0\" data-element_type=\"widget\" data-widget_type=\"heading.default\">\n\t\t\t\t\t<h2 class=\"elementor-heading-title elementor-size-default\">Turn your event into a unique gastronomic experience\n<\/h2>\t\t\t\t<\/div>\n\t\t\t\t<div class=\"elementor-element elementor-element-459cb8ff elementor-widget__width-initial elementor-widget elementor-widget-text-editor\" data-id=\"459cb8ff\" data-element_type=\"widget\" data-widget_type=\"text-editor.default\">\n\t\t\t\t\t\t\t\t\t<p data-start=\"116\" data-end=\"386\">In <strong data-start=\"5784\" data-end=\"5795\">Abensac<\/strong> dise\u00f1amos servicios de catering para eventos donde la calidad, la presentaci\u00f3n y la atenci\u00f3n marcan la diferencia.<\/p>\t\t\t\t\t\t\t\t<\/div>\n\t\t\t\t<div class=\"elementor-element elementor-element-2f625c0f elementor-align-left elementor-widget elementor-widget-button\" data-id=\"2f625c0f\" data-element_type=\"widget\" data-widget_type=\"button.default\">\n\t\t\t\t\t\t\t\t\t\t<a class=\"elementor-button elementor-button-link elementor-size-sm\" href=\"https:\/\/abensac.es\/en\/contacto\/\">\n\t\t\t\t\t\t<span class=\"elementor-button-content-wrapper\">\n\t\t\t\t\t\t\t\t\t<span class=\"elementor-button-text\">CONTACT US<\/span>\n\t\t\t\t\t<\/span>\n\t\t\t\t\t<\/a>\n\t\t\t\t\t\t\t\t<\/div>\n\t\t\t\t\t<\/div>\n\t\t<\/div>\n\t\t\t\t<div class=\"elementor-column elementor-col-50 elementor-top-column elementor-element elementor-element-7905507c\" data-id=\"7905507c\" data-element_type=\"column\">\n\t\t\t<div class=\"elementor-widget-wrap elementor-element-populated\">\n\t\t\t\t\t\t<div class=\"elementor-element elementor-element-1c013812 elementor-widget elementor-widget-image\" data-id=\"1c013812\" data-element_type=\"widget\" data-widget_type=\"image.default\">\n\t\t\t\t\t\t\t\t\t\t\t\t\t\t\t<img fetchpriority=\"high\" decoding=\"async\" width=\"800\" height=\"681\" src=\"https:\/\/abensac.es\/wp-content\/uploads\/2025\/09\/eventos-portada.jpg\" class=\"attachment-large size-large wp-image-358\" alt=\"Fotograf\u00eda de diferentes canapes en un evento hechos por Abensa SCA\" srcset=\"https:\/\/abensac.es\/wp-content\/uploads\/2025\/09\/eventos-portada.jpg 955w, https:\/\/abensac.es\/wp-content\/uploads\/2025\/09\/eventos-portada-300x255.jpg 300w, https:\/\/abensac.es\/wp-content\/uploads\/2025\/09\/eventos-portada-768x654.jpg 768w\" sizes=\"(max-width: 800px) 100vw, 800px\" \/>\t\t\t\t\t\t\t\t\t\t\t\t\t\t\t<\/div>\n\t\t\t\t\t<\/div>\n\t\t<\/div>\n\t\t\t\t\t<\/div>\n\t\t<\/section>\n\t\t\t\t<section class=\"elementor-section elementor-top-section elementor-element elementor-element-3c6945a1 elementor-section-full_width elementor-section-height-default elementor-section-height-default\" data-id=\"3c6945a1\" data-element_type=\"section\">\n\t\t\t\t\t\t<div class=\"elementor-container elementor-column-gap-default\">\n\t\t\t\t\t<div class=\"elementor-column elementor-col-100 elementor-top-column elementor-element elementor-element-2a28981f\" data-id=\"2a28981f\" data-element_type=\"column\">\n\t\t\t<div class=\"elementor-widget-wrap elementor-element-populated\">\n\t\t\t\t\t\t<div class=\"elementor-element elementor-element-5dce4583 elementor-widget__width-initial elementor-widget elementor-widget-heading\" data-id=\"5dce4583\" data-element_type=\"widget\" data-widget_type=\"heading.default\">\n\t\t\t\t\t<h2 class=\"elementor-heading-title elementor-size-default\">Proposal<br>Gastronomic<\/h2>\t\t\t\t<\/div>\n\t\t\t\t<div class=\"elementor-element elementor-element-6b1092f6 elementor-widget__width-initial elementor-widget elementor-widget-text-editor\" data-id=\"6b1092f6\" data-element_type=\"widget\" data-widget_type=\"text-editor.default\">\n\t\t\t\t\t\t\t\t\t<p data-start=\"96\" data-end=\"365\">Every event is special, and the food should be just as special. At Abensac, we create tailor-made culinary offerings for weddings, communions, family celebrations, and corporate events. Balanced dishes, local products, and professional service adapted to each occasion.<\/p>\t\t\t\t\t\t\t\t<\/div>\n\t\t\t\t<section class=\"elementor-section elementor-inner-section elementor-element elementor-element-4681dbb2 elementor-section-full_width elementor-section-height-default elementor-section-height-default\" data-id=\"4681dbb2\" data-element_type=\"section\">\n\t\t\t\t\t\t<div class=\"elementor-container elementor-column-gap-default\">\n\t\t\t\t\t<div class=\"elementor-column elementor-col-33 elementor-inner-column elementor-element elementor-element-78393e86\" data-id=\"78393e86\" data-element_type=\"column\">\n\t\t\t<div class=\"elementor-widget-wrap elementor-element-populated\">\n\t\t\t\t\t\t<div class=\"elementor-element elementor-element-f5f3dec elementor-widget__width-initial e-transform elementor-widget-tablet__width-initial elementor-widget elementor-widget-image\" data-id=\"f5f3dec\" data-element_type=\"widget\" data-settings=\"{&quot;_transform_rotateZ_effect&quot;:{&quot;unit&quot;:&quot;px&quot;,&quot;size&quot;:-10,&quot;sizes&quot;:[]},&quot;_transform_rotateZ_effect_mobile&quot;:{&quot;unit&quot;:&quot;deg&quot;,&quot;size&quot;:0,&quot;sizes&quot;:[]},&quot;_transform_rotateZ_effect_tablet&quot;:{&quot;unit&quot;:&quot;deg&quot;,&quot;size&quot;:&quot;&quot;,&quot;sizes&quot;:[]}}\" data-widget_type=\"image.default\">\n\t\t\t\t\t\t\t\t\t\t\t\t\t\t\t<img decoding=\"async\" width=\"465\" height=\"626\" src=\"https:\/\/abensac.es\/wp-content\/uploads\/2025\/09\/canpes-gourmet-abensac.jpg\" class=\"attachment-medium_large size-medium_large wp-image-367\" alt=\"Fotograf\u00eda de diferentes canapes en un evento hechos por Abensa SCA\" srcset=\"https:\/\/abensac.es\/wp-content\/uploads\/2025\/09\/canpes-gourmet-abensac.jpg 465w, https:\/\/abensac.es\/wp-content\/uploads\/2025\/09\/canpes-gourmet-abensac-223x300.jpg 223w\" sizes=\"(max-width: 465px) 100vw, 465px\" \/>\t\t\t\t\t\t\t\t\t\t\t\t\t\t\t<\/div>\n\t\t\t\t\t<\/div>\n\t\t<\/div>\n\t\t\t\t<div class=\"elementor-column elementor-col-33 elementor-inner-column elementor-element elementor-element-1f012f70\" data-id=\"1f012f70\" data-element_type=\"column\">\n\t\t\t<div class=\"elementor-widget-wrap elementor-element-populated\">\n\t\t\t\t\t\t<div class=\"elementor-element elementor-element-4d025cc elementor-widget__width-initial elementor-widget elementor-widget-image\" data-id=\"4d025cc\" data-element_type=\"widget\" data-widget_type=\"image.default\">\n\t\t\t\t\t\t\t\t\t\t\t\t\t\t\t<img decoding=\"async\" width=\"465\" height=\"626\" src=\"https:\/\/abensac.es\/wp-content\/uploads\/2025\/09\/bogavante-abensac.jpg\" class=\"attachment-large size-large wp-image-365\" alt=\"Fotograf\u00eda de un plato de bogante para servir en un evento\" srcset=\"https:\/\/abensac.es\/wp-content\/uploads\/2025\/09\/bogavante-abensac.jpg 465w, https:\/\/abensac.es\/wp-content\/uploads\/2025\/09\/bogavante-abensac-223x300.jpg 223w\" sizes=\"(max-width: 465px) 100vw, 465px\" \/>\t\t\t\t\t\t\t\t\t\t\t\t\t\t\t<\/div>\n\t\t\t\t\t<\/div>\n\t\t<\/div>\n\t\t\t\t<div class=\"elementor-column elementor-col-33 elementor-inner-column elementor-element elementor-element-6b742038\" data-id=\"6b742038\" data-element_type=\"column\">\n\t\t\t<div class=\"elementor-widget-wrap elementor-element-populated\">\n\t\t\t\t\t\t<div class=\"elementor-element elementor-element-10589717 elementor-widget__width-initial e-transform elementor-widget elementor-widget-image\" data-id=\"10589717\" data-element_type=\"widget\" data-settings=\"{&quot;_transform_rotateZ_effect&quot;:{&quot;unit&quot;:&quot;px&quot;,&quot;size&quot;:10,&quot;sizes&quot;:[]},&quot;_transform_rotateZ_effect_mobile&quot;:{&quot;unit&quot;:&quot;deg&quot;,&quot;size&quot;:0,&quot;sizes&quot;:[]},&quot;_transform_rotateZ_effect_tablet&quot;:{&quot;unit&quot;:&quot;deg&quot;,&quot;size&quot;:&quot;&quot;,&quot;sizes&quot;:[]}}\" data-widget_type=\"image.default\">\n\t\t\t\t\t\t\t\t\t\t\t\t\t\t\t<img loading=\"lazy\" decoding=\"async\" width=\"465\" height=\"626\" src=\"https:\/\/abensac.es\/wp-content\/uploads\/2025\/09\/solomillo-abensac.jpg\" class=\"attachment-large size-large wp-image-366\" alt=\"Fotograf\u00eda de un plato de solomillo de ternera con patatas para un evento\" srcset=\"https:\/\/abensac.es\/wp-content\/uploads\/2025\/09\/solomillo-abensac.jpg 465w, https:\/\/abensac.es\/wp-content\/uploads\/2025\/09\/solomillo-abensac-223x300.jpg 223w\" sizes=\"(max-width: 465px) 100vw, 465px\" \/>\t\t\t\t\t\t\t\t\t\t\t\t\t\t\t<\/div>\n\t\t\t\t\t<\/div>\n\t\t<\/div>\n\t\t\t\t\t<\/div>\n\t\t<\/section>\n\t\t\t\t<section class=\"elementor-section elementor-inner-section elementor-element elementor-element-719cbe96 elementor-section-full_width elementor-section-height-default elementor-section-height-default\" data-id=\"719cbe96\" data-element_type=\"section\">\n\t\t\t\t\t\t<div class=\"elementor-container elementor-column-gap-default\">\n\t\t\t\t\t<div class=\"elementor-column elementor-col-33 elementor-inner-column elementor-element elementor-element-3b7d8491\" data-id=\"3b7d8491\" data-element_type=\"column\">\n\t\t\t<div class=\"elementor-widget-wrap\">\n\t\t\t\t\t\t\t<\/div>\n\t\t<\/div>\n\t\t\t\t<div class=\"elementor-column elementor-col-33 elementor-inner-column elementor-element elementor-element-18879dce\" data-id=\"18879dce\" data-element_type=\"column\">\n\t\t\t<div class=\"elementor-widget-wrap elementor-element-populated\">\n\t\t\t\t\t\t<div class=\"elementor-element elementor-element-bba9e6b elementor-widget elementor-widget-text-editor\" data-id=\"bba9e6b\" data-element_type=\"widget\" data-widget_type=\"text-editor.default\">\n\t\t\t\t\t\t\t\t\t<p data-start=\"126\" data-end=\"408\"><strong data-start=\"150\" data-end=\"208\">We create unique experiences through gastronomy.<\/strong>, with menus designed to make every celebration an unforgettable moment. Whether it's a <strong data-start=\"296\" data-end=\"347\">wedding, communion, birthday or corporate event<\/strong>We take care of every detail so that the food not only accompanies the event, but becomes an essential part of the memory.<\/p>\t\t\t\t\t\t\t\t<\/div>\n\t\t\t\t\t<\/div>\n\t\t<\/div>\n\t\t\t\t<div class=\"elementor-column elementor-col-33 elementor-inner-column elementor-element elementor-element-3f04f1d9\" data-id=\"3f04f1d9\" data-element_type=\"column\">\n\t\t\t<div class=\"elementor-widget-wrap elementor-element-populated\">\n\t\t\t\t\t\t<div class=\"elementor-element elementor-element-2bcf331a elementor-widget elementor-widget-text-editor\" data-id=\"2bcf331a\" data-element_type=\"widget\" data-widget_type=\"text-editor.default\">\n\t\t\t\t\t\t\t\t\t<p data-start=\"126\" data-end=\"408\">At Abensac, we produce with dedication <strong data-start=\"502\" data-end=\"531\">customised proposals<\/strong>, incorporating local and seasonal products. We combine traditional home-style recipes with innovative touches, offering varied, balanced and flavourful dishes. In addition, we adapt each menu to the style of the event, respecting the tastes of each client and creating a gastronomic experience that reflects the importance of each occasion.<\/p>\t\t\t\t\t\t\t\t<\/div>\n\t\t\t\t\t<\/div>\n\t\t<\/div>\n\t\t\t\t\t<\/div>\n\t\t<\/section>\n\t\t\t\t\t<\/div>\n\t\t<\/div>\n\t\t\t\t\t<\/div>\n\t\t<\/section>\n\t\t\t\t<section class=\"elementor-section elementor-top-section elementor-element elementor-element-21635477 elementor-section-full_width elementor-section-height-default elementor-section-height-default\" data-id=\"21635477\" data-element_type=\"section\" data-settings=\"{&quot;background_background&quot;:&quot;classic&quot;}\">\n\t\t\t\t\t\t<div class=\"elementor-container elementor-column-gap-default\">\n\t\t\t\t\t<div class=\"elementor-column elementor-col-100 elementor-top-column elementor-element elementor-element-1b31e120\" data-id=\"1b31e120\" data-element_type=\"column\" data-settings=\"{&quot;background_background&quot;:&quot;classic&quot;}\">\n\t\t\t<div class=\"elementor-widget-wrap elementor-element-populated\">\n\t\t\t\t\t\t<section class=\"elementor-section elementor-inner-section elementor-element elementor-element-d761b63 elementor-section-full_width elementor-section-height-default elementor-section-height-default\" data-id=\"d761b63\" data-element_type=\"section\">\n\t\t\t\t\t\t<div class=\"elementor-container elementor-column-gap-default\">\n\t\t\t\t\t<div class=\"elementor-column elementor-col-50 elementor-inner-column elementor-element elementor-element-4cb4bc39\" data-id=\"4cb4bc39\" data-element_type=\"column\">\n\t\t\t<div class=\"elementor-widget-wrap elementor-element-populated\">\n\t\t\t\t\t\t<div class=\"elementor-element elementor-element-44a2d539 elementor-widget__width-initial elementor-widget elementor-widget-heading\" data-id=\"44a2d539\" data-element_type=\"widget\" data-widget_type=\"heading.default\">\n\t\t\t\t\t<h2 class=\"elementor-heading-title elementor-size-default\">Would you like more information about our event catering services?<\/h2>\t\t\t\t<\/div>\n\t\t\t\t<div class=\"elementor-element elementor-element-17e94265 elementor-widget__width-initial elementor-widget elementor-widget-text-editor\" data-id=\"17e94265\" data-element_type=\"widget\" data-widget_type=\"text-editor.default\">\n\t\t\t\t\t\t\t\t\t<p data-start=\"116\" data-end=\"386\">At Abensac, we are at your disposal to answer any questions, advise you and design the best solution tailored to your event menu.<\/p>\t\t\t\t\t\t\t\t<\/div>\n\t\t\t\t<div class=\"elementor-element elementor-element-20dd14d1 elementor-align-left elementor-widget__width-initial elementor-widget elementor-widget-button\" data-id=\"20dd14d1\" data-element_type=\"widget\" data-widget_type=\"button.default\">\n\t\t\t\t\t\t\t\t\t\t<a class=\"elementor-button elementor-button-link elementor-size-sm\" href=\"https:\/\/abensac.es\/en\/contacto\/\">\n\t\t\t\t\t\t<span class=\"elementor-button-content-wrapper\">\n\t\t\t\t\t\t<span class=\"elementor-button-icon\">\n\t\t\t\t<svg xmlns=\"http:\/\/www.w3.org\/2000\/svg\" id=\"Capa_1\" data-name=\"Capa 1\" viewbox=\"0 0 256.14 255.98\"><defs><style>.cls-1{fill:#fff;}<\/style><\/defs><title>flecha-derecha<\/title><path class=\"cls-1\" d=\"M238.78,27.87a39.59,39.59,0,0,1-2.82,3.5Q126.19,141.19,16.36,251a37.13,37.13,0,0,1-3.55,3.33,7.93,7.93,0,0,1-11.2-11A31.74,31.74,0,0,1,4.7,240Q114.77,129.95,224.88,19.92a26.77,26.77,0,0,1,3.65-2.61L227.8,16H43.87c-1.5,0-3,0-4.49-.1a7.88,7.88,0,0,1-7.38-8A8,8,0,0,1,39.58.05c1-.08,2,0,3,0H245.52c7.88,0,10.62,2.7,10.62,10.54q0,101.45,0,202.89a21.18,21.18,0,0,1-.22,3.74,7.92,7.92,0,0,1-15.71-.2,30.49,30.49,0,0,1-.18-4.49q0-89.82,0-179.64V28.47Z\"><\/path><\/svg>\t\t\t<\/span>\n\t\t\t\t\t\t\t\t\t<span class=\"elementor-button-text\">CONTACT US<\/span>\n\t\t\t\t\t<\/span>\n\t\t\t\t\t<\/a>\n\t\t\t\t\t\t\t\t<\/div>\n\t\t\t\t\t<\/div>\n\t\t<\/div>\n\t\t\t\t<div class=\"elementor-column elementor-col-50 elementor-inner-column elementor-element elementor-element-74529142\" data-id=\"74529142\" data-element_type=\"column\">\n\t\t\t<div class=\"elementor-widget-wrap elementor-element-populated\">\n\t\t\t\t\t\t<div class=\"elementor-element elementor-element-59494ee0 elementor-widget elementor-widget-image\" data-id=\"59494ee0\" data-element_type=\"widget\" data-widget_type=\"image.default\">\n\t\t\t\t\t\t\t\t\t\t\t\t\t\t\t<img loading=\"lazy\" decoding=\"async\" width=\"623\" height=\"564\" src=\"https:\/\/abensac.es\/wp-content\/uploads\/2025\/09\/evento-corporativo-abensac.jpg\" class=\"attachment-full size-full wp-image-360\" alt=\"Fotograf\u00eda de diferentes canapes en un evento hechos por Abensa SCA\" srcset=\"https:\/\/abensac.es\/wp-content\/uploads\/2025\/09\/evento-corporativo-abensac.jpg 623w, https:\/\/abensac.es\/wp-content\/uploads\/2025\/09\/evento-corporativo-abensac-300x272.jpg 300w\" sizes=\"(max-width: 623px) 100vw, 623px\" \/>\t\t\t\t\t\t\t\t\t\t\t\t\t\t\t<\/div>\n\t\t\t\t\t<\/div>\n\t\t<\/div>\n\t\t\t\t\t<\/div>\n\t\t<\/section>\n\t\t\t\t\t<\/div>\n\t\t<\/div>\n\t\t\t\t\t<\/div>\n\t\t<\/section>\n\t\t\t\t<section class=\"elementor-section elementor-top-section elementor-element elementor-element-70ee66d0 elementor-section-full_width elementor-section-height-default elementor-section-height-default\" data-id=\"70ee66d0\" data-element_type=\"section\">\n\t\t\t\t\t\t<div class=\"elementor-container elementor-column-gap-default\">\n\t\t\t\t\t<div class=\"elementor-column elementor-col-100 elementor-top-column elementor-element elementor-element-7035b1b3\" data-id=\"7035b1b3\" data-element_type=\"column\">\n\t\t\t<div class=\"elementor-widget-wrap elementor-element-populated\">\n\t\t\t\t\t\t<div class=\"elementor-element elementor-element-3ee77020 elementor-widget__width-initial elementor-widget elementor-widget-text-editor\" data-id=\"3ee77020\" data-element_type=\"widget\" data-widget_type=\"text-editor.default\">\n\t\t\t\t\t\t\t\t\t<p data-start=\"123\" data-end=\"380\">A rigorous selection process <strong data-start=\"159\" data-end=\"197\">top-quality raw materials<\/strong> and collaboration with <strong data-start=\"220\" data-end=\"243\">local suppliers<\/strong>, combined with the use of the latest technology, allows us to always guarantee <strong data-start=\"314\" data-end=\"377\">the highest standards of quality and food safety.<\/strong>.<\/p>\t\t\t\t\t\t\t\t<\/div>\n\t\t\t\t\t<\/div>\n\t\t<\/div>\n\t\t\t\t\t<\/div>\n\t\t<\/section>\n\t\t\t\t<section class=\"elementor-section elementor-top-section elementor-element elementor-element-507e01f3 elementor-section-full_width elementor-section-height-default elementor-section-height-default\" data-id=\"507e01f3\" data-element_type=\"section\" data-settings=\"{&quot;background_background&quot;:&quot;classic&quot;}\">\n\t\t\t\t\t\t<div class=\"elementor-container elementor-column-gap-default\">\n\t\t\t\t\t<div class=\"elementor-column elementor-col-100 elementor-top-column elementor-element elementor-element-3a057127\" data-id=\"3a057127\" data-element_type=\"column\">\n\t\t\t<div class=\"elementor-widget-wrap elementor-element-populated\">\n\t\t\t\t\t\t<div class=\"elementor-element elementor-element-13de8a23 elementor-widget elementor-widget-image\" data-id=\"13de8a23\" data-element_type=\"widget\" data-widget_type=\"image.default\">\n\t\t\t\t\t\t\t\t\t\t\t\t\t\t\t<img loading=\"lazy\" decoding=\"async\" width=\"1905\" height=\"859\" src=\"https:\/\/abensac.es\/wp-content\/uploads\/2025\/09\/boda-copaespera-abensac.jpg\" class=\"attachment-full size-full wp-image-361\" alt=\"Fotograf\u00eda de diferentes canapes en un evento hechos por Abensa SCA\" srcset=\"https:\/\/abensac.es\/wp-content\/uploads\/2025\/09\/boda-copaespera-abensac.jpg 1905w, https:\/\/abensac.es\/wp-content\/uploads\/2025\/09\/boda-copaespera-abensac-300x135.jpg 300w, https:\/\/abensac.es\/wp-content\/uploads\/2025\/09\/boda-copaespera-abensac-1024x462.jpg 1024w, https:\/\/abensac.es\/wp-content\/uploads\/2025\/09\/boda-copaespera-abensac-768x346.jpg 768w, https:\/\/abensac.es\/wp-content\/uploads\/2025\/09\/boda-copaespera-abensac-1536x693.jpg 1536w\" sizes=\"(max-width: 1905px) 100vw, 1905px\" \/>\t\t\t\t\t\t\t\t\t\t\t\t\t\t\t<\/div>\n\t\t\t\t\t<\/div>\n\t\t<\/div>\n\t\t\t\t\t<\/div>\n\t\t<\/section>\n\t\t\t\t<section class=\"elementor-section elementor-top-section elementor-element elementor-element-f449b22 elementor-section-full_width elementor-section-height-default elementor-section-height-default\" data-id=\"f449b22\" data-element_type=\"section\">\n\t\t\t\t\t\t<div class=\"elementor-container elementor-column-gap-default\">\n\t\t\t\t\t<div class=\"elementor-column elementor-col-33 elementor-top-column elementor-element elementor-element-78fa8ee elementor-hidden-mobile\" data-id=\"78fa8ee\" data-element_type=\"column\">\n\t\t\t<div class=\"elementor-widget-wrap elementor-element-populated\">\n\t\t\t\t\t\t<div class=\"elementor-element elementor-element-2c02ff4 elementor-widget elementor-widget-image\" data-id=\"2c02ff4\" data-element_type=\"widget\" data-widget_type=\"image.default\">\n\t\t\t\t\t\t\t\t\t\t\t\t\t\t\t<img loading=\"lazy\" decoding=\"async\" width=\"753\" height=\"1024\" src=\"https:\/\/abensac.es\/wp-content\/uploads\/2025\/09\/cocinera-abensac-753x1024.png\" class=\"attachment-large size-large wp-image-227\" alt=\"\" srcset=\"https:\/\/abensac.es\/wp-content\/uploads\/2025\/09\/cocinera-abensac-753x1024.png 753w, https:\/\/abensac.es\/wp-content\/uploads\/2025\/09\/cocinera-abensac-221x300.png 221w, https:\/\/abensac.es\/wp-content\/uploads\/2025\/09\/cocinera-abensac-768x1044.png 768w, https:\/\/abensac.es\/wp-content\/uploads\/2025\/09\/cocinera-abensac.png 791w\" sizes=\"(max-width: 753px) 100vw, 753px\" \/>\t\t\t\t\t\t\t\t\t\t\t\t\t\t\t<\/div>\n\t\t\t\t\t<\/div>\n\t\t<\/div>\n\t\t\t\t<div class=\"elementor-column elementor-col-33 elementor-top-column elementor-element elementor-element-b7cd45c\" data-id=\"b7cd45c\" data-element_type=\"column\">\n\t\t\t<div class=\"elementor-widget-wrap elementor-element-populated\">\n\t\t\t\t\t\t<div class=\"elementor-element elementor-element-2cb0176 elementor-widget elementor-widget-heading\" data-id=\"2cb0176\" data-element_type=\"widget\" data-widget_type=\"heading.default\">\n\t\t\t\t\t<h2 class=\"elementor-heading-title elementor-size-default\">Tell us what you need<\/h2>\t\t\t\t<\/div>\n\t\t\t\t<div class=\"elementor-element elementor-element-d889a48 elementor-button-align-end elementor-widget elementor-widget-form\" data-id=\"d889a48\" data-element_type=\"widget\" data-settings=\"{&quot;step_next_label&quot;:&quot;Next&quot;,&quot;step_previous_label&quot;:&quot;Previous&quot;,&quot;button_width&quot;:&quot;100&quot;,&quot;step_type&quot;:&quot;number_text&quot;,&quot;step_icon_shape&quot;:&quot;circle&quot;}\" data-widget_type=\"form.default\">\n\t\t\t\t\t\t\t<form class=\"elementor-form\" method=\"post\" name=\"New Form\" aria-label=\"New Form\" action=\"\">\n\t\t\t<input type=\"hidden\" name=\"post_id\" value=\"352\"\/>\n\t\t\t<input type=\"hidden\" name=\"form_id\" value=\"d889a48\"\/>\n\t\t\t<input type=\"hidden\" name=\"referer_title\" value=\"ABENSAC SCA | Catering para eventos profesional y personalizado\" \/>\n\n\t\t\t\t\t\t\t<input type=\"hidden\" name=\"queried_id\" value=\"352\"\/>\n\t\t\t\n\t\t\t<div class=\"elementor-form-fields-wrapper elementor-labels-above\">\n\t\t\t\t\t\t\t\t<div class=\"elementor-field-type-text elementor-field-group elementor-column elementor-field-group-name elementor-col-50\">\n\t\t\t\t\t\t\t\t\t\t\t\t\t<input size=\"1\" type=\"text\" name=\"form_fields[name]\" id=\"form-field-name\" class=\"elementor-field elementor-size-sm  elementor-field-textual\" placeholder=\"Name*\">\n\t\t\t\t\t\t\t\t\t\t\t<\/div>\n\t\t\t\t\t\t\t\t<div class=\"elementor-field-type-email elementor-field-group elementor-column elementor-field-group-email elementor-col-50 elementor-field-required\">\n\t\t\t\t\t\t\t\t\t\t\t\t\t<input size=\"1\" type=\"email\" name=\"form_fields[email]\" id=\"form-field-email\" class=\"elementor-field elementor-size-sm  elementor-field-textual\" placeholder=\"Email*\" required=\"required\">\n\t\t\t\t\t\t\t\t\t\t\t<\/div>\n\t\t\t\t\t\t\t\t<div class=\"elementor-field-type-text elementor-field-group elementor-column elementor-field-group-field_28bbb7c elementor-col-50 elementor-field-required\">\n\t\t\t\t\t\t\t\t\t\t\t\t\t<input size=\"1\" type=\"text\" name=\"form_fields[field_28bbb7c]\" id=\"form-field-field_28bbb7c\" class=\"elementor-field elementor-size-sm  elementor-field-textual\" placeholder=\"Phone*\" required=\"required\">\n\t\t\t\t\t\t\t\t\t\t\t<\/div>\n\t\t\t\t\t\t\t\t<div class=\"elementor-field-type-text elementor-field-group elementor-column elementor-field-group-field_a5a1d18 elementor-col-50 elementor-field-required\">\n\t\t\t\t\t\t\t\t\t\t\t\t\t<input size=\"1\" type=\"text\" name=\"form_fields[field_a5a1d18]\" id=\"form-field-field_a5a1d18\" class=\"elementor-field elementor-size-sm  elementor-field-textual\" placeholder=\"Subject*\" required=\"required\">\n\t\t\t\t\t\t\t\t\t\t\t<\/div>\n\t\t\t\t\t\t\t\t<div class=\"elementor-field-type-textarea elementor-field-group elementor-column elementor-field-group-message elementor-col-100 elementor-field-required\">\n\t\t\t\t\t<textarea class=\"elementor-field-textual elementor-field  elementor-size-sm\" name=\"form_fields[message]\" id=\"form-field-message\" rows=\"4\" placeholder=\"How can we assist you?\" required=\"required\"><\/textarea>\t\t\t\t<\/div>\n\t\t\t\t\t\t\t\t<div class=\"elementor-field-type-acceptance elementor-field-group elementor-column elementor-field-group-field_2e3c234 elementor-col-100 elementor-field-required\">\n\t\t\t\t\t\t\t<div class=\"elementor-field-subgroup\">\n\t\t\t<span class=\"elementor-field-option\">\n\t\t\t\t<input type=\"checkbox\" name=\"form_fields[field_2e3c234]\" id=\"form-field-field_2e3c234\" class=\"elementor-field elementor-size-sm  elementor-acceptance-field\" required=\"required\">\n\t\t\t\t<label for=\"form-field-field_2e3c234\">I have read and accept the legal notice and privacy policy.<\/label>\t\t\t<\/span>\n\t\t<\/div>\n\t\t\t\t\t\t<\/div>\n\t\t\t\t\t\t\t\t<div class=\"elementor-field-group elementor-column elementor-field-type-submit elementor-col-100 e-form__buttons\">\n\t\t\t\t\t<button class=\"elementor-button elementor-size-sm\" type=\"submit\">\n\t\t\t\t\t\t<span class=\"elementor-button-content-wrapper\">\n\t\t\t\t\t\t\t\t\t\t\t\t\t\t\t\t\t\t\t\t\t\t<span class=\"elementor-button-text\">SEND<\/span>\n\t\t\t\t\t\t\t\t\t\t\t\t\t<\/span>\n\t\t\t\t\t<\/button>\n\t\t\t\t<\/div>\n\t\t\t<\/div>\n\t\t<input type=\"hidden\" name=\"trp-form-language\" value=\"en\"\/><\/form>\n\t\t\t\t\t\t<\/div>\n\t\t\t\t\t<\/div>\n\t\t<\/div>\n\t\t\t\t<div class=\"elementor-column elementor-col-33 elementor-top-column elementor-element elementor-element-fb38161 elementor-hidden-mobile\" data-id=\"fb38161\" data-element_type=\"column\">\n\t\t\t<div class=\"elementor-widget-wrap elementor-element-populated\">\n\t\t\t\t\t\t<div class=\"elementor-element elementor-element-20831a0 elementor-widget elementor-widget-image\" data-id=\"20831a0\" data-element_type=\"widget\" data-widget_type=\"image.default\">\n\t\t\t\t\t\t\t\t\t\t\t\t\t\t\t<img loading=\"lazy\" decoding=\"async\" width=\"753\" height=\"1024\" src=\"https:\/\/abensac.es\/wp-content\/uploads\/2025\/09\/comiendo-abensac-753x1024.png\" class=\"attachment-large size-large wp-image-228\" alt=\"\" srcset=\"https:\/\/abensac.es\/wp-content\/uploads\/2025\/09\/comiendo-abensac-753x1024.png 753w, https:\/\/abensac.es\/wp-content\/uploads\/2025\/09\/comiendo-abensac-221x300.png 221w, https:\/\/abensac.es\/wp-content\/uploads\/2025\/09\/comiendo-abensac-768x1044.png 768w, https:\/\/abensac.es\/wp-content\/uploads\/2025\/09\/comiendo-abensac.png 791w\" sizes=\"(max-width: 753px) 100vw, 753px\" \/>\t\t\t\t\t\t\t\t\t\t\t\t\t\t\t<\/div>\n\t\t\t\t\t<\/div>\n\t\t<\/div>\n\t\t\t\t\t<\/div>\n\t\t<\/section>\n\t\t\t\t<\/div>","protected":false},"excerpt":{"rendered":"<p>CATERING PARA EVENTOS Convierte tu evento en una experiencia gastron\u00f3mica \u00fanica En Abensac dise\u00f1amos servicios de catering para eventos donde la calidad, la presentaci\u00f3n y la atenci\u00f3n marcan la diferencia. CONTACTA Propuesta Gastron\u00f3mica Cada evento es especial, y la comida debe estar a la altura. En Abensac elaboramos propuestas gastron\u00f3micas a medida para bodas, comuniones, [&hellip;]<\/p>","protected":false},"author":1,"featured_media":0,"parent":0,"menu_order":0,"comment_status":"closed","ping_status":"closed","template":"","meta":{"footnotes":""},"class_list":["post-352","page","type-page","status-publish","hentry"],"yoast_head":"<!-- This site is optimized with the Yoast SEO plugin v26.0 - https:\/\/yoast.com\/wordpress\/plugins\/seo\/ -->\n<title>ABENSAC SCA | Catering para eventos profesional y personalizado<\/title>\n<meta name=\"description\" content=\"Servicio de catering para eventos con men\u00fas personalizados, calidad garantizada y atenci\u00f3n profesional. Haz de tu evento un \u00e9xito.\" \/>\n<meta name=\"robots\" content=\"index, follow, max-snippet:-1, max-image-preview:large, max-video-preview:-1\" \/>\n<link rel=\"canonical\" href=\"https:\/\/abensac.es\/en\/catering-para-eventos\/\" \/>\n<meta property=\"og:locale\" content=\"en_GB\" \/>\n<meta property=\"og:type\" content=\"article\" \/>\n<meta property=\"og:title\" content=\"ABENSAC SCA | Catering para eventos profesional y personalizado\" \/>\n<meta property=\"og:description\" content=\"Servicio de catering para eventos con men\u00fas personalizados, calidad garantizada y atenci\u00f3n profesional. Haz de tu evento un \u00e9xito.\" \/>\n<meta property=\"og:url\" content=\"https:\/\/abensac.es\/en\/catering-para-eventos\/\" \/>\n<meta property=\"og:site_name\" content=\"ABENSAC SCA\" \/>\n<meta property=\"article:modified_time\" content=\"2026-03-27T09:56:48+00:00\" \/>\n<meta property=\"og:image\" content=\"https:\/\/abensac.es\/wp-content\/uploads\/2025\/09\/eventos-portada.jpg\" \/>\n<meta name=\"twitter:card\" content=\"summary_large_image\" \/>\n<meta name=\"twitter:label1\" content=\"Estimated reading time\" \/>\n\t<meta name=\"twitter:data1\" content=\"3 minutes\" \/>\n<script type=\"application\/ld+json\" class=\"yoast-schema-graph\">{\"@context\":\"https:\/\/schema.org\",\"@graph\":[{\"@type\":\"WebPage\",\"@id\":\"https:\/\/abensac.es\/catering-para-eventos\/\",\"url\":\"https:\/\/abensac.es\/catering-para-eventos\/\",\"name\":\"ABENSAC SCA | Catering para eventos profesional y personalizado\",\"isPartOf\":{\"@id\":\"https:\/\/abensac.es\/#website\"},\"primaryImageOfPage\":{\"@id\":\"https:\/\/abensac.es\/catering-para-eventos\/#primaryimage\"},\"image\":{\"@id\":\"https:\/\/abensac.es\/catering-para-eventos\/#primaryimage\"},\"thumbnailUrl\":\"https:\/\/abensac.es\/wp-content\/uploads\/2025\/09\/eventos-portada.jpg\",\"datePublished\":\"2025-09-29T18:13:14+00:00\",\"dateModified\":\"2026-03-27T09:56:48+00:00\",\"description\":\"Servicio de catering para eventos con men\u00fas personalizados, calidad garantizada y atenci\u00f3n profesional. Haz de tu evento un \u00e9xito.\",\"breadcrumb\":{\"@id\":\"https:\/\/abensac.es\/catering-para-eventos\/#breadcrumb\"},\"inLanguage\":\"en-GB\",\"potentialAction\":[{\"@type\":\"ReadAction\",\"target\":[\"https:\/\/abensac.es\/catering-para-eventos\/\"]}]},{\"@type\":\"ImageObject\",\"inLanguage\":\"en-GB\",\"@id\":\"https:\/\/abensac.es\/catering-para-eventos\/#primaryimage\",\"url\":\"https:\/\/abensac.es\/wp-content\/uploads\/2025\/09\/eventos-portada.jpg\",\"contentUrl\":\"https:\/\/abensac.es\/wp-content\/uploads\/2025\/09\/eventos-portada.jpg\"},{\"@type\":\"BreadcrumbList\",\"@id\":\"https:\/\/abensac.es\/catering-para-eventos\/#breadcrumb\",\"itemListElement\":[{\"@type\":\"ListItem\",\"position\":1,\"name\":\"Portada\",\"item\":\"https:\/\/abensac.es\/\"},{\"@type\":\"ListItem\",\"position\":2,\"name\":\"Catering para Eventos\"}]},{\"@type\":\"WebSite\",\"@id\":\"https:\/\/abensac.es\/#website\",\"url\":\"https:\/\/abensac.es\/\",\"name\":\"ABENSAC SCA\",\"description\":\"\",\"potentialAction\":[{\"@type\":\"SearchAction\",\"target\":{\"@type\":\"EntryPoint\",\"urlTemplate\":\"https:\/\/abensac.es\/?s={search_term_string}\"},\"query-input\":{\"@type\":\"PropertyValueSpecification\",\"valueRequired\":true,\"valueName\":\"search_term_string\"}}],\"inLanguage\":\"en-GB\"}]}<\/script>\n<!-- \/ Yoast SEO plugin. -->","yoast_head_json":{"title":"ABENSAC SCA | Catering para eventos profesional y personalizado","description":"Servicio de catering para eventos con men\u00fas personalizados, calidad garantizada y atenci\u00f3n profesional. Haz de tu evento un \u00e9xito.","robots":{"index":"index","follow":"follow","max-snippet":"max-snippet:-1","max-image-preview":"max-image-preview:large","max-video-preview":"max-video-preview:-1"},"canonical":"https:\/\/abensac.es\/en\/catering-para-eventos\/","og_locale":"en_GB","og_type":"article","og_title":"ABENSAC SCA | Catering para eventos profesional y personalizado","og_description":"Servicio de catering para eventos con men\u00fas personalizados, calidad garantizada y atenci\u00f3n profesional. Haz de tu evento un \u00e9xito.","og_url":"https:\/\/abensac.es\/en\/catering-para-eventos\/","og_site_name":"ABENSAC SCA","article_modified_time":"2026-03-27T09:56:48+00:00","og_image":[{"url":"https:\/\/abensac.es\/wp-content\/uploads\/2025\/09\/eventos-portada.jpg","type":"","width":"","height":""}],"twitter_card":"summary_large_image","twitter_misc":{"Estimated reading time":"3 minutes"},"schema":{"@context":"https:\/\/schema.org","@graph":[{"@type":"WebPage","@id":"https:\/\/abensac.es\/catering-para-eventos\/","url":"https:\/\/abensac.es\/catering-para-eventos\/","name":"ABENSAC SCA | Catering para eventos profesional y personalizado","isPartOf":{"@id":"https:\/\/abensac.es\/#website"},"primaryImageOfPage":{"@id":"https:\/\/abensac.es\/catering-para-eventos\/#primaryimage"},"image":{"@id":"https:\/\/abensac.es\/catering-para-eventos\/#primaryimage"},"thumbnailUrl":"https:\/\/abensac.es\/wp-content\/uploads\/2025\/09\/eventos-portada.jpg","datePublished":"2025-09-29T18:13:14+00:00","dateModified":"2026-03-27T09:56:48+00:00","description":"Servicio de catering para eventos con men\u00fas personalizados, calidad garantizada y atenci\u00f3n profesional. Haz de tu evento un \u00e9xito.","breadcrumb":{"@id":"https:\/\/abensac.es\/catering-para-eventos\/#breadcrumb"},"inLanguage":"en-GB","potentialAction":[{"@type":"ReadAction","target":["https:\/\/abensac.es\/catering-para-eventos\/"]}]},{"@type":"ImageObject","inLanguage":"en-GB","@id":"https:\/\/abensac.es\/catering-para-eventos\/#primaryimage","url":"https:\/\/abensac.es\/wp-content\/uploads\/2025\/09\/eventos-portada.jpg","contentUrl":"https:\/\/abensac.es\/wp-content\/uploads\/2025\/09\/eventos-portada.jpg"},{"@type":"BreadcrumbList","@id":"https:\/\/abensac.es\/catering-para-eventos\/#breadcrumb","itemListElement":[{"@type":"ListItem","position":1,"name":"Portada","item":"https:\/\/abensac.es\/"},{"@type":"ListItem","position":2,"name":"Catering para Eventos"}]},{"@type":"WebSite","@id":"https:\/\/abensac.es\/#website","url":"https:\/\/abensac.es\/","name":"ABENSAC SCA","description":"","potentialAction":[{"@type":"SearchAction","target":{"@type":"EntryPoint","urlTemplate":"https:\/\/abensac.es\/?s={search_term_string}"},"query-input":{"@type":"PropertyValueSpecification","valueRequired":true,"valueName":"search_term_string"}}],"inLanguage":"en-GB"}]}},"_links":{"self":[{"href":"https:\/\/abensac.es\/en\/wp-json\/wp\/v2\/pages\/352","targetHints":{"allow":["GET"]}}],"collection":[{"href":"https:\/\/abensac.es\/en\/wp-json\/wp\/v2\/pages"}],"about":[{"href":"https:\/\/abensac.es\/en\/wp-json\/wp\/v2\/types\/page"}],"author":[{"embeddable":true,"href":"https:\/\/abensac.es\/en\/wp-json\/wp\/v2\/users\/1"}],"replies":[{"embeddable":true,"href":"https:\/\/abensac.es\/en\/wp-json\/wp\/v2\/comments?post=352"}],"version-history":[{"count":20,"href":"https:\/\/abensac.es\/en\/wp-json\/wp\/v2\/pages\/352\/revisions"}],"predecessor-version":[{"id":619,"href":"https:\/\/abensac.es\/en\/wp-json\/wp\/v2\/pages\/352\/revisions\/619"}],"wp:attachment":[{"href":"https:\/\/abensac.es\/en\/wp-json\/wp\/v2\/media?parent=352"}],"curies":[{"name":"wp","href":"https:\/\/api.w.org\/{rel}","templated":true}]}}