{"id":174,"date":"2025-09-27T17:56:28","date_gmt":"2025-09-27T15:56:28","guid":{"rendered":"https:\/\/abensac.es\/?page_id=174"},"modified":"2025-09-30T10:25:33","modified_gmt":"2025-09-30T08:25:33","slug":"somos-abensac","status":"publish","type":"page","link":"https:\/\/abensac.es\/en\/somos-abensac\/","title":{"rendered":"About Abensac"},"content":{"rendered":"<div data-elementor-type=\"wp-page\" data-elementor-id=\"174\" class=\"elementor elementor-174\" data-elementor-post-type=\"page\">\n\t\t\t\t\t\t<section class=\"elementor-section elementor-top-section elementor-element elementor-element-b712030 elementor-section-full_width elementor-section-height-default elementor-section-height-default\" data-id=\"b712030\" data-element_type=\"section\" data-settings=\"{&quot;background_background&quot;:&quot;classic&quot;}\">\n\t\t\t\t\t\t<div class=\"elementor-container elementor-column-gap-default\">\n\t\t\t\t\t<div class=\"elementor-column elementor-col-50 elementor-top-column elementor-element elementor-element-eccba6b\" data-id=\"eccba6b\" data-element_type=\"column\" data-settings=\"{&quot;background_background&quot;:&quot;classic&quot;}\">\n\t\t\t<div class=\"elementor-widget-wrap elementor-element-populated\">\n\t\t\t\t\t\t<div class=\"elementor-element elementor-element-8beec02 elementor-widget elementor-widget-heading\" data-id=\"8beec02\" data-element_type=\"widget\" data-widget_type=\"heading.default\">\n\t\t\t\t\t<h1 class=\"elementor-heading-title elementor-size-default\">CATERING SERVICE IN ALCAL\u00c1 LA REAL<\/h1>\t\t\t\t<\/div>\n\t\t\t\t<div class=\"elementor-element elementor-element-894c01d elementor-widget__width-initial elementor-widget elementor-widget-heading\" data-id=\"894c01d\" data-element_type=\"widget\" data-widget_type=\"heading.default\">\n\t\t\t\t\t<h2 class=\"elementor-heading-title elementor-size-default\">About Abensac<\/h2>\t\t\t\t<\/div>\n\t\t\t\t<div class=\"elementor-element elementor-element-5992e06 elementor-widget__width-initial elementor-widget elementor-widget-text-editor\" data-id=\"5992e06\" data-element_type=\"widget\" data-widget_type=\"text-editor.default\">\n\t\t\t\t\t\t\t\t\t<p data-start=\"116\" data-end=\"386\">We are an Andalusian company with more than 20 years of experience, specialising in catering and collective restaurant services. We are committed to local projects that generate development and employment in our region, always with a close relationship with our customers and the utmost respect for the needs and particularities of each centre.<\/p>\t\t\t\t\t\t\t\t<\/div>\n\t\t\t\t\t<\/div>\n\t\t<\/div>\n\t\t\t\t<div class=\"elementor-column elementor-col-50 elementor-top-column elementor-element elementor-element-2f8d9e3\" data-id=\"2f8d9e3\" data-element_type=\"column\">\n\t\t\t<div class=\"elementor-widget-wrap elementor-element-populated\">\n\t\t\t\t\t\t<div class=\"elementor-element elementor-element-a42aef0 elementor-widget elementor-widget-image\" data-id=\"a42aef0\" data-element_type=\"widget\" data-widget_type=\"image.default\">\n\t\t\t\t\t\t\t\t\t\t\t\t\t\t\t<img fetchpriority=\"high\" decoding=\"async\" width=\"800\" height=\"681\" src=\"https:\/\/abensac.es\/wp-content\/uploads\/2025\/09\/somos-abensac-portada.jpg\" class=\"attachment-large size-large wp-image-177\" alt=\"Fotograf\u00eda de cocina Profesional en Abensac\" srcset=\"https:\/\/abensac.es\/wp-content\/uploads\/2025\/09\/somos-abensac-portada.jpg 955w, https:\/\/abensac.es\/wp-content\/uploads\/2025\/09\/somos-abensac-portada-300x255.jpg 300w, https:\/\/abensac.es\/wp-content\/uploads\/2025\/09\/somos-abensac-portada-768x654.jpg 768w\" sizes=\"(max-width: 800px) 100vw, 800px\" \/>\t\t\t\t\t\t\t\t\t\t\t\t\t\t\t<\/div>\n\t\t\t\t\t<\/div>\n\t\t<\/div>\n\t\t\t\t\t<\/div>\n\t\t<\/section>\n\t\t\t\t<section class=\"elementor-section elementor-top-section elementor-element elementor-element-e9afdf4 elementor-section-full_width elementor-section-height-default elementor-section-height-default\" data-id=\"e9afdf4\" data-element_type=\"section\" data-settings=\"{&quot;background_background&quot;:&quot;classic&quot;}\">\n\t\t\t\t\t\t<div class=\"elementor-container elementor-column-gap-default\">\n\t\t\t\t\t<div class=\"elementor-column elementor-col-100 elementor-top-column elementor-element elementor-element-b14cdad\" data-id=\"b14cdad\" data-element_type=\"column\" data-settings=\"{&quot;background_background&quot;:&quot;classic&quot;}\">\n\t\t\t<div class=\"elementor-widget-wrap elementor-element-populated\">\n\t\t\t\t\t\t<section class=\"elementor-section elementor-inner-section elementor-element elementor-element-849683b elementor-section-full_width elementor-section-height-default elementor-section-height-default\" data-id=\"849683b\" data-element_type=\"section\">\n\t\t\t\t\t\t<div class=\"elementor-container elementor-column-gap-default\">\n\t\t\t\t\t<div class=\"elementor-column elementor-col-50 elementor-inner-column elementor-element elementor-element-525666c\" data-id=\"525666c\" data-element_type=\"column\">\n\t\t\t<div class=\"elementor-widget-wrap elementor-element-populated\">\n\t\t\t\t\t\t<div class=\"elementor-element elementor-element-57818d0 elementor-widget__width-initial elementor-widget elementor-widget-heading\" data-id=\"57818d0\" data-element_type=\"widget\" data-widget_type=\"heading.default\">\n\t\t\t\t\t<h2 class=\"elementor-heading-title elementor-size-default\">Close to our land,<br>\nclose to people<\/h2>\t\t\t\t<\/div>\n\t\t\t\t<div class=\"elementor-element elementor-element-0aeab21 elementor-widget__width-initial elementor-widget elementor-widget-text-editor\" data-id=\"0aeab21\" data-element_type=\"widget\" data-widget_type=\"text-editor.default\">\n\t\t\t\t\t\t\t\t\t<p data-start=\"126\" data-end=\"408\">The philosophy that guides our work at Abensac has always been to build close relationships with our clients and tailor our services to their specific needs, while maintaining a strong commitment to local development.<\/p><p data-start=\"410\" data-end=\"759\">In line with this, over the years we have built up a professional team and modern facilities that enable us to serve nurseries, schools, care homes and families with the utmost reliability. This approach to growth has led us to become a benchmark in the Alcal\u00e1 la Real region and in different parts of Andalusia.<\/p>\t\t\t\t\t\t\t\t<\/div>\n\t\t\t\t\t<\/div>\n\t\t<\/div>\n\t\t\t\t<div class=\"elementor-column elementor-col-50 elementor-inner-column elementor-element elementor-element-ca96a00\" data-id=\"ca96a00\" data-element_type=\"column\">\n\t\t\t<div class=\"elementor-widget-wrap elementor-element-populated\">\n\t\t\t\t\t\t<div class=\"elementor-element elementor-element-9b3cf12 elementor-widget-tablet__width-initial elementor-widget elementor-widget-image\" data-id=\"9b3cf12\" data-element_type=\"widget\" data-widget_type=\"image.default\">\n\t\t\t\t\t\t\t\t\t\t\t\t\t\t\t<img decoding=\"async\" width=\"800\" height=\"616\" src=\"https:\/\/abensac.es\/wp-content\/uploads\/2025\/09\/favicon-abensac-negro-01-1024x789.png\" class=\"attachment-large size-large wp-image-179\" alt=\"\" srcset=\"https:\/\/abensac.es\/wp-content\/uploads\/2025\/09\/favicon-abensac-negro-01-1024x789.png 1024w, https:\/\/abensac.es\/wp-content\/uploads\/2025\/09\/favicon-abensac-negro-01-300x231.png 300w, https:\/\/abensac.es\/wp-content\/uploads\/2025\/09\/favicon-abensac-negro-01-768x592.png 768w, https:\/\/abensac.es\/wp-content\/uploads\/2025\/09\/favicon-abensac-negro-01-1536x1184.png 1536w, https:\/\/abensac.es\/wp-content\/uploads\/2025\/09\/favicon-abensac-negro-01.png 1746w\" sizes=\"(max-width: 800px) 100vw, 800px\" \/>\t\t\t\t\t\t\t\t\t\t\t\t\t\t\t<\/div>\n\t\t\t\t\t<\/div>\n\t\t<\/div>\n\t\t\t\t\t<\/div>\n\t\t<\/section>\n\t\t\t\t\t<\/div>\n\t\t<\/div>\n\t\t\t\t\t<\/div>\n\t\t<\/section>\n\t\t\t\t<section class=\"elementor-section elementor-top-section elementor-element elementor-element-a5ee9a2 elementor-section-full_width elementor-section-height-default elementor-section-height-default\" data-id=\"a5ee9a2\" data-element_type=\"section\">\n\t\t\t\t\t\t<div class=\"elementor-container elementor-column-gap-default\">\n\t\t\t\t\t<div class=\"elementor-column elementor-col-100 elementor-top-column elementor-element elementor-element-75b6e9f\" data-id=\"75b6e9f\" data-element_type=\"column\">\n\t\t\t<div class=\"elementor-widget-wrap elementor-element-populated\">\n\t\t\t\t\t\t<div class=\"elementor-element elementor-element-331663c elementor-widget elementor-widget-heading\" data-id=\"331663c\" data-element_type=\"widget\" data-widget_type=\"heading.default\">\n\t\t\t\t\t<p class=\"elementor-heading-title elementor-size-default\">Corporate Social Responsibility\n<\/p>\t\t\t\t<\/div>\n\t\t\t\t<div class=\"elementor-element elementor-element-f7499f6 elementor-widget__width-initial elementor-widget elementor-widget-heading\" data-id=\"f7499f6\" data-element_type=\"widget\" data-widget_type=\"heading.default\">\n\t\t\t\t\t<h2 class=\"elementor-heading-title elementor-size-default\">Our<br>Commitment<\/h2>\t\t\t\t<\/div>\n\t\t\t\t<section class=\"elementor-section elementor-inner-section elementor-element elementor-element-91074ea elementor-section-full_width elementor-section-height-default elementor-section-height-default\" data-id=\"91074ea\" data-element_type=\"section\">\n\t\t\t\t\t\t<div class=\"elementor-container elementor-column-gap-default\">\n\t\t\t\t\t<div class=\"elementor-column elementor-col-50 elementor-inner-column elementor-element elementor-element-af205f9\" data-id=\"af205f9\" data-element_type=\"column\">\n\t\t\t<div class=\"elementor-widget-wrap\">\n\t\t\t\t\t\t\t<\/div>\n\t\t<\/div>\n\t\t\t\t<div class=\"elementor-column elementor-col-50 elementor-inner-column elementor-element elementor-element-61d4a8b\" data-id=\"61d4a8b\" data-element_type=\"column\">\n\t\t\t<div class=\"elementor-widget-wrap elementor-element-populated\">\n\t\t\t\t\t\t<div class=\"elementor-element elementor-element-71cb4d7 elementor-widget__width-initial elementor-widget elementor-widget-text-editor\" data-id=\"71cb4d7\" data-element_type=\"widget\" data-widget_type=\"text-editor.default\">\n\t\t\t\t\t\t\t\t\t<p data-start=\"96\" data-end=\"424\">In <strong data-start=\"99\" data-end=\"110\">Abensac<\/strong> we understand commitment as an essential part of how we work. As a cooperative society, we take <strong data-start=\"225\" data-end=\"251\">social responsibility<\/strong> in our DNA. Not only do we deliver on our promises, we also make a commitment to people, to our land and to the well-being of the community around us.<\/p>\t\t\t\t\t\t\t\t<\/div>\n\t\t\t\t\t<\/div>\n\t\t<\/div>\n\t\t\t\t\t<\/div>\n\t\t<\/section>\n\t\t\t\t\t<\/div>\n\t\t<\/div>\n\t\t\t\t\t<\/div>\n\t\t<\/section>\n\t\t\t\t<section class=\"elementor-section elementor-top-section elementor-element elementor-element-7f94676 elementor-section-full_width elementor-section-height-default elementor-section-height-default\" data-id=\"7f94676\" data-element_type=\"section\" data-settings=\"{&quot;background_background&quot;:&quot;classic&quot;}\">\n\t\t\t\t\t\t<div class=\"elementor-container elementor-column-gap-default\">\n\t\t\t\t\t<div class=\"elementor-column elementor-col-100 elementor-top-column elementor-element elementor-element-5ef0ab8\" data-id=\"5ef0ab8\" data-element_type=\"column\" data-settings=\"{&quot;background_background&quot;:&quot;classic&quot;}\">\n\t\t\t<div class=\"elementor-widget-wrap elementor-element-populated\">\n\t\t\t\t\t\t<section class=\"elementor-section elementor-inner-section elementor-element elementor-element-b2d83f2 elementor-section-full_width elementor-section-height-default elementor-section-height-default\" data-id=\"b2d83f2\" data-element_type=\"section\" data-settings=\"{&quot;background_background&quot;:&quot;classic&quot;}\">\n\t\t\t\t\t\t<div class=\"elementor-container elementor-column-gap-default\">\n\t\t\t\t\t<div class=\"elementor-column elementor-col-50 elementor-inner-column elementor-element elementor-element-40cd975\" data-id=\"40cd975\" data-element_type=\"column\">\n\t\t\t<div class=\"elementor-widget-wrap elementor-element-populated\">\n\t\t\t\t\t\t<div class=\"elementor-element elementor-element-ee0b2c3 elementor-widget__width-initial elementor-widget elementor-widget-heading\" data-id=\"ee0b2c3\" data-element_type=\"widget\" data-widget_type=\"heading.default\">\n\t\t\t\t\t<h2 class=\"elementor-heading-title elementor-size-default\">Sustainability<\/h2>\t\t\t\t<\/div>\n\t\t\t\t<div class=\"elementor-element elementor-element-1ad90f6 elementor-widget__width-initial elementor-widget elementor-widget-text-editor\" data-id=\"1ad90f6\" data-element_type=\"widget\" data-widget_type=\"text-editor.default\">\n\t\t\t\t\t\t\t\t\t<p data-start=\"109\" data-end=\"418\">Bet on <strong data-start=\"121\" data-end=\"132\">Abensac<\/strong> is to trust a supplier committed to sustainability and the future of our environment. More than just a conviction, we have made it a central pillar of our strategy, integrating responsible practices that care for both people and the land that feeds us.<\/p>\t\t\t\t\t\t\t\t<\/div>\n\t\t\t\t\t<\/div>\n\t\t<\/div>\n\t\t\t\t<div class=\"elementor-column elementor-col-50 elementor-inner-column elementor-element elementor-element-6835693\" data-id=\"6835693\" data-element_type=\"column\">\n\t\t\t<div class=\"elementor-widget-wrap elementor-element-populated\">\n\t\t\t\t\t\t<div class=\"elementor-element elementor-element-06dccab pp-image-accordion-orientation-vertical pp-image-accordion-stack-on-tablet elementor-widget elementor-widget-pp-image-accordion\" data-id=\"06dccab\" data-element_type=\"widget\" data-settings=\"{&quot;accordion_action&quot;:&quot;on-hover&quot;}\" data-widget_type=\"pp-image-accordion.default\">\n\t\t\t\t\t\t\t\t<div class=\"pp-image-accordion pp-image-accordion-on-hover\" id=\"pp-image-accordion-06dccab\">\n\t\t\t\t\t\t\t\t\t\t\t\t\t\t<div class=\"pp-image-accordion-item elementor-repeater-item-7f8fdd5\" style=\"background-image: url(https:\/\/abensac.es\/wp-content\/uploads\/2025\/09\/reduccion-desperdicio-alimentario-ausolan.jpg);\">\n\t\t\t\t\t\t<div class=\"pp-image-accordion-overlay pp-media-overlay\">\n\t\t\t\t\t\t\t<div class=\"pp-image-accordion-content-wrap\">\n\t\t\t\t\t\t\t\t<div class=\"pp-image-accordion-content\">\n\t\t\t\t\t\t\t\t\t\t\t\t\t\t\t\t\t\t<h2 class=\"pp-image-accordion-title\">\n\t\t\t\t\t\t\t\t\t\tReducing food waste\t\t\t\t\t\t\t\t\t<\/h2>\n\t\t\t\t\t\t\t\t\t<div class=\"pp-image-accordion-description\">\n\t\t\t\t\t\t\t\t\t\t\t\t\t\t\t\t\t\t\t<\/div>\n\t\t\t\t\t\t\t\t<\/div>\n\t\t\t\t\t\t\t\t\t\t\t\t\t\t\t<\/div>\n\t\t\t\t\t\t<\/div>\n\t\t\t\t\t<\/div>\n\t\t\t\t\t\t\t\t\t\t\t\t\t\t<div class=\"pp-image-accordion-item elementor-repeater-item-e28f193\" style=\"background-image: url(https:\/\/abensac.es\/wp-content\/uploads\/2025\/09\/tractor-sostenible-abensac.jpg);\">\n\t\t\t\t\t\t<div class=\"pp-image-accordion-overlay pp-media-overlay\">\n\t\t\t\t\t\t\t<div class=\"pp-image-accordion-content-wrap\">\n\t\t\t\t\t\t\t\t<div class=\"pp-image-accordion-content\">\n\t\t\t\t\t\t\t\t\t\t\t\t\t\t\t\t\t\t<h2 class=\"pp-image-accordion-title\">\n\t\t\t\t\t\t\t\t\t\tSustainable Production\t\t\t\t\t\t\t\t\t<\/h2>\n\t\t\t\t\t\t\t\t\t<div class=\"pp-image-accordion-description\">\n\t\t\t\t\t\t\t\t\t\t\t\t\t\t\t\t\t\t\t<\/div>\n\t\t\t\t\t\t\t\t<\/div>\n\t\t\t\t\t\t\t\t\t\t\t\t\t\t\t<\/div>\n\t\t\t\t\t\t<\/div>\n\t\t\t\t\t<\/div>\n\t\t\t\t\t\t\t\t\t\t\t\t\t\t<div class=\"pp-image-accordion-item elementor-repeater-item-672ef9f\" style=\"background-image: url(https:\/\/abensac.es\/wp-content\/uploads\/2025\/09\/km0-abensac.jpg);\">\n\t\t\t\t\t\t<div class=\"pp-image-accordion-overlay pp-media-overlay\">\n\t\t\t\t\t\t\t<div class=\"pp-image-accordion-content-wrap\">\n\t\t\t\t\t\t\t\t<div class=\"pp-image-accordion-content\">\n\t\t\t\t\t\t\t\t\t\t\t\t\t\t\t\t\t\t<h2 class=\"pp-image-accordion-title\">\n\t\t\t\t\t\t\t\t\t\tZero-kilometre food\t\t\t\t\t\t\t\t\t<\/h2>\n\t\t\t\t\t\t\t\t\t<div class=\"pp-image-accordion-description\">\n\t\t\t\t\t\t\t\t\t\t\t\t\t\t\t\t\t\t\t<\/div>\n\t\t\t\t\t\t\t\t<\/div>\n\t\t\t\t\t\t\t\t\t\t\t\t\t\t\t<\/div>\n\t\t\t\t\t\t<\/div>\n\t\t\t\t\t<\/div>\n\t\t\t\t\t\t\t\t\t\t\t\t\t\t<div class=\"pp-image-accordion-item elementor-repeater-item-e7423ec\" style=\"background-image: url(https:\/\/abensac.es\/wp-content\/uploads\/2025\/09\/logistica-abensac.jpg);\">\n\t\t\t\t\t\t<div class=\"pp-image-accordion-overlay pp-media-overlay\">\n\t\t\t\t\t\t\t<div class=\"pp-image-accordion-content-wrap\">\n\t\t\t\t\t\t\t\t<div class=\"pp-image-accordion-content\">\n\t\t\t\t\t\t\t\t\t\t\t\t\t\t\t\t\t\t<h2 class=\"pp-image-accordion-title\">\n\t\t\t\t\t\t\t\t\t\tSustainable Logistics\t\t\t\t\t\t\t\t\t<\/h2>\n\t\t\t\t\t\t\t\t\t<div class=\"pp-image-accordion-description\">\n\t\t\t\t\t\t\t\t\t\t\t\t\t\t\t\t\t\t\t<\/div>\n\t\t\t\t\t\t\t\t<\/div>\n\t\t\t\t\t\t\t\t\t\t\t\t\t\t\t<\/div>\n\t\t\t\t\t\t<\/div>\n\t\t\t\t\t<\/div>\n\t\t\t\t\t\t\t<\/div>\n\t\t\t\t\t\t<\/div>\n\t\t\t\t\t<\/div>\n\t\t<\/div>\n\t\t\t\t\t<\/div>\n\t\t<\/section>\n\t\t\t\t\t<\/div>\n\t\t<\/div>\n\t\t\t\t\t<\/div>\n\t\t<\/section>\n\t\t\t\t<section class=\"elementor-section elementor-top-section elementor-element elementor-element-66873a1 elementor-section-full_width elementor-section-height-default elementor-section-height-default\" data-id=\"66873a1\" data-element_type=\"section\">\n\t\t\t\t\t\t<div class=\"elementor-container elementor-column-gap-default\">\n\t\t\t\t\t<div class=\"elementor-column elementor-col-100 elementor-top-column elementor-element elementor-element-76c128b\" data-id=\"76c128b\" data-element_type=\"column\">\n\t\t\t<div class=\"elementor-widget-wrap elementor-element-populated\">\n\t\t\t\t\t\t<div class=\"elementor-element elementor-element-32113b8 elementor-widget__width-initial elementor-widget elementor-widget-heading\" data-id=\"32113b8\" data-element_type=\"widget\" data-widget_type=\"heading.default\">\n\t\t\t\t\t<h2 class=\"elementor-heading-title elementor-size-default\">Our<br>mission<\/h2>\t\t\t\t<\/div>\n\t\t\t\t<div class=\"elementor-element elementor-element-f2835e5 elementor-widget__width-initial elementor-widget-tablet__width-initial elementor-widget elementor-widget-text-editor\" data-id=\"f2835e5\" data-element_type=\"widget\" data-widget_type=\"text-editor.default\">\n\t\t\t\t\t\t\t\t\t<p data-start=\"126\" data-end=\"408\">As a company, our mission is to add value for our customers through the management of catering and collective restaurant services. We build lasting relationships based on trust, offering healthy and tailored menus, and always fulfilling the commitments we make thanks to our professionalism and approachability.<\/p>\t\t\t\t\t\t\t\t<\/div>\n\t\t\t\t<section class=\"elementor-section elementor-inner-section elementor-element elementor-element-562ae37 elementor-section-full_width elementor-section-height-default elementor-section-height-default\" data-id=\"562ae37\" data-element_type=\"section\">\n\t\t\t\t\t\t<div class=\"elementor-container elementor-column-gap-default\">\n\t\t\t\t\t<div class=\"elementor-column elementor-col-33 elementor-inner-column elementor-element elementor-element-40c7df1\" data-id=\"40c7df1\" data-element_type=\"column\">\n\t\t\t<div class=\"elementor-widget-wrap\">\n\t\t\t\t\t\t\t<\/div>\n\t\t<\/div>\n\t\t\t\t<div class=\"elementor-column elementor-col-33 elementor-inner-column elementor-element elementor-element-c37e29a\" data-id=\"c37e29a\" data-element_type=\"column\">\n\t\t\t<div class=\"elementor-widget-wrap elementor-element-populated\">\n\t\t\t\t\t\t<div class=\"elementor-element elementor-element-8d34084 elementor-widget elementor-widget-text-editor\" data-id=\"8d34084\" data-element_type=\"widget\" data-widget_type=\"text-editor.default\">\n\t\t\t\t\t\t\t\t\t<p data-start=\"126\" data-end=\"408\">All this is achieved through a project inspired by cooperative values that promotes local development and the participation of those who form part of it, generating enthusiasm, commitment and stable employment. The aim is to guarantee our future as a company and contribute to the well-being of our community.<\/p>\t\t\t\t\t\t\t\t<\/div>\n\t\t\t\t\t<\/div>\n\t\t<\/div>\n\t\t\t\t<div class=\"elementor-column elementor-col-33 elementor-inner-column elementor-element elementor-element-0909ca3\" data-id=\"0909ca3\" data-element_type=\"column\">\n\t\t\t<div class=\"elementor-widget-wrap elementor-element-populated\">\n\t\t\t\t\t\t<div class=\"elementor-element elementor-element-288642b elementor-widget elementor-widget-text-editor\" data-id=\"288642b\" data-element_type=\"widget\" data-widget_type=\"text-editor.default\">\n\t\t\t\t\t\t\t\t\t<p data-start=\"126\" data-end=\"408\">For the coming years, we are working towards a <strong data-start=\"493\" data-end=\"504\">Abensac<\/strong> even stronger, on the path to growth and profitability, with professional and committed teams, and an increasingly efficient organisation to face the challenges of the future in terms of sustainability and social responsibility.<\/p>\t\t\t\t\t\t\t\t<\/div>\n\t\t\t\t\t<\/div>\n\t\t<\/div>\n\t\t\t\t\t<\/div>\n\t\t<\/section>\n\t\t\t\t\t<\/div>\n\t\t<\/div>\n\t\t\t\t\t<\/div>\n\t\t<\/section>\n\t\t\t\t<\/div>","protected":false},"excerpt":{"rendered":"<p>SERVICIO DE CATERING EN ALCAL\u00c1 LA REAL Somos Abensac Somos una empresa andaluza con m\u00e1s de 20 a\u00f1os de experiencia, especializada en servicios de catering y restauraci\u00f3n colectiva. Apostamos por proyectos de \u00e1mbito local que generan desarrollo y empleo en nuestra comarca, siempre con un trato cercano al cliente y el m\u00e1ximo respeto a las [&hellip;]<\/p>","protected":false},"author":1,"featured_media":0,"parent":0,"menu_order":0,"comment_status":"closed","ping_status":"closed","template":"","meta":{"footnotes":""},"class_list":["post-174","page","type-page","status-publish","hentry"],"yoast_head":"<!-- This site is optimized with the Yoast SEO plugin v26.0 - https:\/\/yoast.com\/wordpress\/plugins\/seo\/ -->\n<title>Somos Abensac | ABENSAC S.C.A. Catering en Alcal\u00e1 la Real<\/title>\n<meta name=\"description\" content=\"Conoce a ABENSAC S.C.A. especialistas en catering en Alcal\u00e1 la Real. M\u00e1s de 20 a\u00f1os de experiencia ofreciendo men\u00fas saludables y de calidad.\" \/>\n<meta name=\"robots\" content=\"index, follow, max-snippet:-1, max-image-preview:large, max-video-preview:-1\" \/>\n<link rel=\"canonical\" href=\"https:\/\/abensac.es\/en\/somos-abensac\/\" \/>\n<meta property=\"og:locale\" content=\"en_GB\" \/>\n<meta property=\"og:type\" content=\"article\" \/>\n<meta property=\"og:title\" content=\"Somos Abensac | ABENSAC S.C.A. Catering en Alcal\u00e1 la Real\" \/>\n<meta property=\"og:description\" content=\"Conoce a ABENSAC S.C.A. especialistas en catering en Alcal\u00e1 la Real. M\u00e1s de 20 a\u00f1os de experiencia ofreciendo men\u00fas saludables y de calidad.\" \/>\n<meta property=\"og:url\" content=\"https:\/\/abensac.es\/en\/somos-abensac\/\" \/>\n<meta property=\"og:site_name\" content=\"ABENSAC SCA\" \/>\n<meta property=\"article:modified_time\" content=\"2025-09-30T08:25:33+00:00\" \/>\n<meta property=\"og:image\" content=\"https:\/\/abensac.es\/wp-content\/uploads\/2025\/09\/somos-abensac-portada.jpg\" \/>\n<meta name=\"twitter:card\" content=\"summary_large_image\" \/>\n<meta name=\"twitter:label1\" content=\"Estimated reading time\" \/>\n\t<meta name=\"twitter:data1\" content=\"3 minutes\" \/>\n<script type=\"application\/ld+json\" class=\"yoast-schema-graph\">{\"@context\":\"https:\/\/schema.org\",\"@graph\":[{\"@type\":\"WebPage\",\"@id\":\"https:\/\/abensac.es\/somos-abensac\/\",\"url\":\"https:\/\/abensac.es\/somos-abensac\/\",\"name\":\"Somos Abensac | ABENSAC S.C.A. Catering en Alcal\u00e1 la Real\",\"isPartOf\":{\"@id\":\"https:\/\/abensac.es\/#website\"},\"primaryImageOfPage\":{\"@id\":\"https:\/\/abensac.es\/somos-abensac\/#primaryimage\"},\"image\":{\"@id\":\"https:\/\/abensac.es\/somos-abensac\/#primaryimage\"},\"thumbnailUrl\":\"https:\/\/abensac.es\/wp-content\/uploads\/2025\/09\/somos-abensac-portada.jpg\",\"datePublished\":\"2025-09-27T15:56:28+00:00\",\"dateModified\":\"2025-09-30T08:25:33+00:00\",\"description\":\"Conoce a ABENSAC S.C.A. especialistas en catering en Alcal\u00e1 la Real. M\u00e1s de 20 a\u00f1os de experiencia ofreciendo men\u00fas saludables y de calidad.\",\"breadcrumb\":{\"@id\":\"https:\/\/abensac.es\/somos-abensac\/#breadcrumb\"},\"inLanguage\":\"en-GB\",\"potentialAction\":[{\"@type\":\"ReadAction\",\"target\":[\"https:\/\/abensac.es\/somos-abensac\/\"]}]},{\"@type\":\"ImageObject\",\"inLanguage\":\"en-GB\",\"@id\":\"https:\/\/abensac.es\/somos-abensac\/#primaryimage\",\"url\":\"https:\/\/abensac.es\/wp-content\/uploads\/2025\/09\/somos-abensac-portada.jpg\",\"contentUrl\":\"https:\/\/abensac.es\/wp-content\/uploads\/2025\/09\/somos-abensac-portada.jpg\"},{\"@type\":\"BreadcrumbList\",\"@id\":\"https:\/\/abensac.es\/somos-abensac\/#breadcrumb\",\"itemListElement\":[{\"@type\":\"ListItem\",\"position\":1,\"name\":\"Portada\",\"item\":\"https:\/\/abensac.es\/\"},{\"@type\":\"ListItem\",\"position\":2,\"name\":\"Somos Abensac\"}]},{\"@type\":\"WebSite\",\"@id\":\"https:\/\/abensac.es\/#website\",\"url\":\"https:\/\/abensac.es\/\",\"name\":\"ABENSAC SCA\",\"description\":\"\",\"potentialAction\":[{\"@type\":\"SearchAction\",\"target\":{\"@type\":\"EntryPoint\",\"urlTemplate\":\"https:\/\/abensac.es\/?s={search_term_string}\"},\"query-input\":{\"@type\":\"PropertyValueSpecification\",\"valueRequired\":true,\"valueName\":\"search_term_string\"}}],\"inLanguage\":\"en-GB\"}]}<\/script>\n<!-- \/ Yoast SEO plugin. -->","yoast_head_json":{"title":"Somos Abensac | ABENSAC S.C.A. Catering en Alcal\u00e1 la Real","description":"Conoce a ABENSAC S.C.A. especialistas en catering en Alcal\u00e1 la Real. M\u00e1s de 20 a\u00f1os de experiencia ofreciendo men\u00fas saludables y de calidad.","robots":{"index":"index","follow":"follow","max-snippet":"max-snippet:-1","max-image-preview":"max-image-preview:large","max-video-preview":"max-video-preview:-1"},"canonical":"https:\/\/abensac.es\/en\/somos-abensac\/","og_locale":"en_GB","og_type":"article","og_title":"Somos Abensac | ABENSAC S.C.A. Catering en Alcal\u00e1 la Real","og_description":"Conoce a ABENSAC S.C.A. especialistas en catering en Alcal\u00e1 la Real. M\u00e1s de 20 a\u00f1os de experiencia ofreciendo men\u00fas saludables y de calidad.","og_url":"https:\/\/abensac.es\/en\/somos-abensac\/","og_site_name":"ABENSAC SCA","article_modified_time":"2025-09-30T08:25:33+00:00","og_image":[{"url":"https:\/\/abensac.es\/wp-content\/uploads\/2025\/09\/somos-abensac-portada.jpg","type":"","width":"","height":""}],"twitter_card":"summary_large_image","twitter_misc":{"Estimated reading time":"3 minutes"},"schema":{"@context":"https:\/\/schema.org","@graph":[{"@type":"WebPage","@id":"https:\/\/abensac.es\/somos-abensac\/","url":"https:\/\/abensac.es\/somos-abensac\/","name":"Somos Abensac | ABENSAC S.C.A. Catering en Alcal\u00e1 la Real","isPartOf":{"@id":"https:\/\/abensac.es\/#website"},"primaryImageOfPage":{"@id":"https:\/\/abensac.es\/somos-abensac\/#primaryimage"},"image":{"@id":"https:\/\/abensac.es\/somos-abensac\/#primaryimage"},"thumbnailUrl":"https:\/\/abensac.es\/wp-content\/uploads\/2025\/09\/somos-abensac-portada.jpg","datePublished":"2025-09-27T15:56:28+00:00","dateModified":"2025-09-30T08:25:33+00:00","description":"Conoce a ABENSAC S.C.A. especialistas en catering en Alcal\u00e1 la Real. M\u00e1s de 20 a\u00f1os de experiencia ofreciendo men\u00fas saludables y de calidad.","breadcrumb":{"@id":"https:\/\/abensac.es\/somos-abensac\/#breadcrumb"},"inLanguage":"en-GB","potentialAction":[{"@type":"ReadAction","target":["https:\/\/abensac.es\/somos-abensac\/"]}]},{"@type":"ImageObject","inLanguage":"en-GB","@id":"https:\/\/abensac.es\/somos-abensac\/#primaryimage","url":"https:\/\/abensac.es\/wp-content\/uploads\/2025\/09\/somos-abensac-portada.jpg","contentUrl":"https:\/\/abensac.es\/wp-content\/uploads\/2025\/09\/somos-abensac-portada.jpg"},{"@type":"BreadcrumbList","@id":"https:\/\/abensac.es\/somos-abensac\/#breadcrumb","itemListElement":[{"@type":"ListItem","position":1,"name":"Portada","item":"https:\/\/abensac.es\/"},{"@type":"ListItem","position":2,"name":"Somos Abensac"}]},{"@type":"WebSite","@id":"https:\/\/abensac.es\/#website","url":"https:\/\/abensac.es\/","name":"ABENSAC SCA","description":"","potentialAction":[{"@type":"SearchAction","target":{"@type":"EntryPoint","urlTemplate":"https:\/\/abensac.es\/?s={search_term_string}"},"query-input":{"@type":"PropertyValueSpecification","valueRequired":true,"valueName":"search_term_string"}}],"inLanguage":"en-GB"}]}},"_links":{"self":[{"href":"https:\/\/abensac.es\/en\/wp-json\/wp\/v2\/pages\/174","targetHints":{"allow":["GET"]}}],"collection":[{"href":"https:\/\/abensac.es\/en\/wp-json\/wp\/v2\/pages"}],"about":[{"href":"https:\/\/abensac.es\/en\/wp-json\/wp\/v2\/types\/page"}],"author":[{"embeddable":true,"href":"https:\/\/abensac.es\/en\/wp-json\/wp\/v2\/users\/1"}],"replies":[{"embeddable":true,"href":"https:\/\/abensac.es\/en\/wp-json\/wp\/v2\/comments?post=174"}],"version-history":[{"count":44,"href":"https:\/\/abensac.es\/en\/wp-json\/wp\/v2\/pages\/174\/revisions"}],"predecessor-version":[{"id":586,"href":"https:\/\/abensac.es\/en\/wp-json\/wp\/v2\/pages\/174\/revisions\/586"}],"wp:attachment":[{"href":"https:\/\/abensac.es\/en\/wp-json\/wp\/v2\/media?parent=174"}],"curies":[{"name":"wp","href":"https:\/\/api.w.org\/{rel}","templated":true}]}}